{"id":599,"date":"2023-08-08T14:53:02","date_gmt":"2023-08-08T14:53:02","guid":{"rendered":"https:\/\/pruebasfit.xyz\/?page_id=599"},"modified":"2024-09-26T14:36:40","modified_gmt":"2024-09-26T14:36:40","slug":"politica-de-privacidad","status":"publish","type":"page","link":"https:\/\/garleyauto.com\/pt\/politica-de-privacidad\/","title":{"rendered":"Pol\u00edtica de Privacidade"},"content":{"rendered":"<div data-elementor-type=\"wp-page\" data-elementor-id=\"599\" class=\"elementor elementor-599\" data-elementor-post-type=\"page\">\n\t\t\t\t\t\t<section class=\"elementor-section elementor-top-section elementor-element elementor-element-e32c8f4 elementor-section-boxed elementor-section-height-default elementor-section-height-default\" data-id=\"e32c8f4\" data-element_type=\"section\" data-e-type=\"section\" id=\"politica-privacidad\" data-settings=\"{&quot;background_background&quot;:&quot;classic&quot;}\">\n\t\t\t\t\t\t<div class=\"elementor-container elementor-column-gap-default\">\n\t\t\t\t\t<div class=\"elementor-column elementor-col-100 elementor-top-column elementor-element elementor-element-4f03864\" data-id=\"4f03864\" data-element_type=\"column\" data-e-type=\"column\">\n\t\t\t<div class=\"elementor-widget-wrap elementor-element-populated\">\n\t\t\t\t\t\t<div class=\"elementor-element elementor-element-cbc32cc elementor-widget elementor-widget-text-editor\" data-id=\"cbc32cc\" data-element_type=\"widget\" data-e-type=\"widget\" data-widget_type=\"text-editor.default\">\n\t\t\t\t<div class=\"elementor-widget-container\">\n\t\t\t\t\t\t\t\t\t<p><b>POL\u00cdTICA DE PRIVACIDADE E PROTE\u00c7\u00c3O DE DADOS<\/b><\/p><ol><li><b> Recolha, tratamento e utiliza\u00e7\u00e3o de dados pessoais no site:<\/b><\/li><\/ol><p><span style=\"font-weight: 400;\">Com base no disposto no Regulamento Geral de Prote\u00e7\u00e3o de Dados 2016\/679 (RGPD) e na Lei Org\u00e2nica 3\/2018, de Prote\u00e7\u00e3o de Dados Pessoais e Garantia de Direitos Digitais (LOPDGDD), informamos que para fazer uso de alguns dos servi\u00e7os oferecidos pelo nosso site, pode ser necess\u00e1rio que voc\u00ea nos forne\u00e7a determinados dados pessoais que ser\u00e3o incorporados em arquivos automatizados.<\/span><\/p><p><span style=\"font-weight: 400;\">Cumprindo as novas disposi\u00e7\u00f5es do Regulamento (UE) 2016\/679 do PE e do Conselho de 27 de abril de 2016 e da Lei Org\u00e2nica 3\/2018, de 5 de dezembro, sobre a Prote\u00e7\u00e3o de Dados Pessoais e garantia de direitos digitais, relativas a a prote\u00e7\u00e3o das pessoas singulares no que diz respeito ao tratamento de dados pessoais e \u00e0 livre circula\u00e7\u00e3o desses dados e pela qual \u00e9 revogada a Diretiva 95\/46\/CE, informamos que o respons\u00e1vel pelo tratamento dos dados \u00e9:<\/span><\/p><p><span style=\"font-weight: 400;\">Nome da empresa: QUIMI ROMAR SLU<\/span><\/p><p><span style=\"font-weight: 400;\">NIF: B46660502<\/span><\/p><p><span style=\"font-weight: 400;\">Endere\u00e7o principal: CRTA. MONCADA A NAQUERA CV 315, KM 11.2, \u2013 46119 NAQUERA (Val\u00eancia).\u00a0<\/span><\/p><p><span style=\"font-weight: 400;\">E-mail: info@garleyauto.com<\/span><\/p><p><span style=\"font-weight: 400;\">Telefone de contacto: 961399826<\/span><\/p><p><span style=\"font-weight: 400;\">Site: www.garleyauto.com\u00a0<\/span><\/p><p><span style=\"font-weight: 400;\">Para fazer qualquer tipo de observa\u00e7\u00e3o sobre poss\u00edveis viola\u00e7\u00f5es dos direitos de propriedade intelectual ou industrial, bem como de qualquer conte\u00fado do site, poder\u00e1 faz\u00ea-lo contactando a empresa atrav\u00e9s de qualquer um dos meios acima indicados.\u00a0<\/span><\/p><p><span style=\"font-weight: 400;\">Os conte\u00fados do Site t\u00eam como objetivo informar os usu\u00e1rios sobre os servi\u00e7os oferecidos pela empresa em decorr\u00eancia das solicita\u00e7\u00f5es, procedimentos ou procedimentos que o Usu\u00e1rio realiza atrav\u00e9s do site. Os dados sujeitos a tratamento ser\u00e3o aqueles que nos fornecer atrav\u00e9s dos formul\u00e1rios que a p\u00e1gina cont\u00e9m a qualquer momento ou atrav\u00e9s dos emails que o Utilizador envia para os endere\u00e7os de email a\u00ed identificados, bem como quaisquer outros que sejam gerados durante a manuten\u00e7\u00e3o da mesma. o relacionamento correspondente.<\/span><\/p><p><span style=\"font-weight: 400;\">Todos os campos que aparecem marcados como obrigat\u00f3rios em qualquer um dos formul\u00e1rios devem necessariamente ser preenchidos, de forma que a omiss\u00e3o de algum deles possa impossibilitar-nos de responder ao seu pedido ou de lhe prestar os servi\u00e7os correspondentes.<\/span><\/p><p><span style=\"font-weight: 400;\">Al\u00e9m disso, durante a referida recolha de dados, poder\u00e1 ser solicitado o seu consentimento para outra s\u00e9rie de finalidades que n\u00e3o estejam diretamente relacionadas com o servi\u00e7o ou com a rela\u00e7\u00e3o correspondente. Caso voc\u00ea n\u00e3o concorde com tais tratamentos adicionais, marque a caixa destinada a esse fim conforme apropriado.\u00a0<\/span><\/p><p><span style=\"font-weight: 400;\">Requerentes de informa\u00e7\u00e3o: Os dados pessoais utilizados nestes casos prov\u00eam do interessado, que os fornece \u00e0 QUIMI ROMAR SLU ao preencher o formul\u00e1rio de contacto contido no Site, ao efetuar uma chamada telef\u00f3nica ou ao enviar um e-mail.<\/span><\/p><p><span style=\"font-weight: 400;\">Estes dados s\u00e3o utilizados para efeitos de resolu\u00e7\u00e3o de d\u00favidas e fornecimento de informa\u00e7\u00f5es a quem os solicite ou autorize expressamente, principalmente por correio eletr\u00f3nico.<\/span><\/p><p><span style=\"font-weight: 400;\">A pessoa que acede a este Site (doravante, o Utilizador), garante que tem a idade m\u00ednima legal estabelecida pelo Regulamento Geral de Prote\u00e7\u00e3o de Dados 679\/2016 (14 anos) ou pela regulamenta\u00e7\u00e3o nacional que lhe \u00e9 aplic\u00e1vel. consentimento em rela\u00e7\u00e3o aos Servi\u00e7os da Sociedade da Informa\u00e7\u00e3o.<\/span><\/p><p>\u00a0<\/p><p><span style=\"font-weight: 400;\">Ao aceder a este Site, o Utilizador aceita expressamente todas as cl\u00e1usulas da sua informa\u00e7\u00e3o legal, desta pol\u00edtica de privacidade e da sua pol\u00edtica de cookies, bem como todas as condi\u00e7\u00f5es particulares recolhidas para a utiliza\u00e7\u00e3o de determinados servi\u00e7os. Caso n\u00e3o aceite alguma das cl\u00e1usulas acima mencionadas, o Utilizador dever\u00e1 abster-se de aceder a este Site.<\/span><\/p><p><span style=\"font-weight: 400;\">Ao aceder \u00e0s contas da QUIMI ROMAR SLU nas redes sociais, o Utilizador aceita o tratamento dos seus dados pessoais por parte das mesmas de acordo com as suas pol\u00edticas de privacidade: Pol\u00edtica de privacidade das redes sociais<\/span><\/p><ol start=\"2\"><li><b> Finalidade do tratamento de dados pessoais:<\/b><\/li><\/ol><p><span style=\"font-weight: 400;\">2.1. Com que finalidade trataremos os seus dados pessoais?<\/span><\/p><p><span style=\"font-weight: 400;\">Na QUIMI ROMAR SLU processaremos os seus dados pessoais, recolhidos atrav\u00e9s do Site para as seguintes finalidades:<\/span><\/p><p><span style=\"font-weight: 400;\">\u2013 Envio de informa\u00e7\u00e3o solicitada atrav\u00e9s dos formul\u00e1rios de contacto disponibilizados no Site com a finalidade de solicitar qualquer tipo de consulta relacionada com os produtos ou servi\u00e7os prestados pela empresa.<\/span><\/p><p><span style=\"font-weight: 400;\">\u2013 Coleta de dados e curr\u00edculos de pessoas interessadas em participar de processos seletivos para contrata\u00e7\u00e3o de funcion\u00e1rios na empresa.<\/span><\/p><p><span style=\"font-weight: 400;\">\u2013 Enviar boletins -newsletters-, bem como comunica\u00e7\u00f5es comerciais de promo\u00e7\u00f5es e\/ou publicidade do Site.<\/span><\/p><p><span style=\"font-weight: 400;\">Da mesma forma, lembramos que voc\u00ea pode se opor ao envio de comunica\u00e7\u00f5es comerciais por qualquer meio e a qualquer momento, entrando em contato com QUIMI ROMAR SLU.<\/span><\/p><p><span style=\"font-weight: 400;\">Os campos destes registos devem ser preenchidos, sendo imposs\u00edvel atingir os fins indicados se estes dados n\u00e3o forem fornecidos.<\/span><\/p><p><span style=\"font-weight: 400;\">2.2. Durante quanto tempo s\u00e3o conservados os dados pessoais recolhidos?<\/span><\/p><p><span style=\"font-weight: 400;\">Os dados pessoais fornecidos ser\u00e3o conservados enquanto a sua comunica\u00e7\u00e3o for gerida e\/ou n\u00e3o solicitar a sua elimina\u00e7\u00e3o e pelo tempo m\u00ednimo necess\u00e1rio para cumprir obriga\u00e7\u00f5es legais ou responsabilidades legais que possam surgir pelos servi\u00e7os prestados.<\/span><\/p><ol start=\"3\"><li><b> Legitima\u00e7\u00e3o:<\/b><\/li><\/ol><p><span style=\"font-weight: 400;\">O tratamento dos seus dados \u00e9 realizado com as seguintes bases legais que o legitimam:<\/span><\/p><p><span style=\"font-weight: 400;\">\u2013 Consentimento livre, espec\u00edfico, informado e inequ\u00edvoco, tal como lhe informamos ao disponibilizar-lhe esta pol\u00edtica de privacidade.<\/span><\/p><p><span style=\"font-weight: 400;\">Caso n\u00e3o nos forne\u00e7a os seus dados ou o fa\u00e7a de forma incorreta ou incompleta, n\u00e3o poderemos responder ao seu pedido, impossibilitando totalmente o fornecimento das informa\u00e7\u00f5es solicitadas ou a realiza\u00e7\u00e3o da contrata\u00e7\u00e3o dos servi\u00e7os.<\/span><\/p><ol start=\"4\"><li><b> Garantia:<\/b><\/li><\/ol><p><span style=\"font-weight: 400;\">O Utilizador garante que os dados fornecidos s\u00e3o verdadeiros, exatos, completos e atualizados, sendo respons\u00e1vel por quaisquer danos ou perdas, diretos ou indiretos, que possam ser causados em consequ\u00eancia do incumprimento de tal obriga\u00e7\u00e3o. No caso de os dados fornecidos pertencerem a um terceiro, o Utilizador garante que informou esse terceiro e obteve a sua autoriza\u00e7\u00e3o para fornecer os seus dados pessoais \u00e0 QUIMI ROMAR SLU.<\/span><\/p><p><br \/><br \/><\/p><ol start=\"5\"><li><b> Reten\u00e7\u00e3o de dados:<\/b><\/li><\/ol><p><span style=\"font-weight: 400;\">Os seus dados ser\u00e3o conservados enquanto se mantiver a rela\u00e7\u00e3o contratual ou durante os anos necess\u00e1rios ao cumprimento das obriga\u00e7\u00f5es legais, desde que n\u00e3o solicite a sua cessa\u00e7\u00e3o ou pelo tempo necess\u00e1rio \u00e0 realiza\u00e7\u00e3o das finalidades necess\u00e1rias aos recolhidos.<\/span><\/p><ol start=\"6\"><li><b> Destinat\u00e1rios:<\/b><\/li><\/ol><p><span style=\"font-weight: 400;\">Os seus dados ser\u00e3o mantidos sob rigorosas medidas de seguran\u00e7a que garantem a sua confidencialidade e seguran\u00e7a. Da mesma forma, somente ser\u00e3o transferidos \u00e0s entidades e para os seguintes fins:<\/span><\/p><p><span style=\"font-weight: 400;\">-Entidades e fornecedores que prestam servi\u00e7os \u00e0 QUIMI ROMAR SLU para a correta execu\u00e7\u00e3o desses servi\u00e7os. Estas entidades e fornecedores est\u00e3o devidamente credenciados e assinam connosco o correspondente contrato de tratamento de dados em cumprimento da normativa de prote\u00e7\u00e3o de dados em vigor.<\/span><\/p><p><span style=\"font-weight: 400;\">-Organiza\u00e7\u00f5es e entidades oficiais em conformidade com os regulamentos e leis vigentes.<\/span><\/p><p><span style=\"font-weight: 400;\">Destinat\u00e1rios fora da Uni\u00e3o Europeia: QUIMI ROMAR SLU n\u00e3o transfere dados pessoais a terceiros nem contrata prestadores de servi\u00e7os fora da Uni\u00e3o Europeia.<\/span><\/p><p><span style=\"font-weight: 400;\">Os dados n\u00e3o ser\u00e3o comunicados a terceiros fora da QUIMI ROMAR SLU, fora dos casos acima descritos, salvo obriga\u00e7\u00e3o legal ou autoriza\u00e7\u00e3o pr\u00e9via.<\/span><\/p><ol start=\"7\"><li><b> Direitos:<\/b><\/li><\/ol><p><span style=\"font-weight: 400;\">Como interessado que nos forneceu os seus dados pessoais, tem todo o direito de obter a confirma\u00e7\u00e3o de se na QUIMI ROMAR SLU estamos a tratar os seus dados pessoais e, especificamente, tem o direito de exercer os seguintes direitos que as normas de prote\u00e7\u00e3o de dados reconhecer, de acordo com suas disposi\u00e7\u00f5es:<\/span><\/p><p><span style=\"font-weight: 400;\">\u2013 Direito de ACESSO aos seus dados pessoais.<\/span><\/p><p><span style=\"font-weight: 400;\">\u2013 Direito de solicitar a RETIFICA\u00c7\u00c3O de dados imprecisos.<\/span><\/p><p><span style=\"font-weight: 400;\">\u2013 Direito de solicitar a sua ELIMINA\u00c7\u00c3O quando, entre outros motivos, os dados j\u00e1 n\u00e3o sejam necess\u00e1rios para as finalidades para as quais foram recolhidos.<\/span><\/p><p><span style=\"font-weight: 400;\">\u2013 Em determinadas circunst\u00e2ncias, poder\u00e1 solicitar a LIMITA\u00c7\u00c3O DO TRATAMENTO dos seus dados, caso em que apenas os conservaremos para o exerc\u00edcio ou defesa de reclama\u00e7\u00f5es.<\/span><\/p><p><span style=\"font-weight: 400;\">\u2013 Em determinadas circunst\u00e2ncias e por motivos relacionados com a sua situa\u00e7\u00e3o particular, os interessados poder\u00e3o exercer o seu direito de OPOSI\u00c7\u00c3O ao tratamento dos seus dados. Deixaremos de tratar os dados, exceto por motivos leg\u00edtimos imperiosos, ou para o exerc\u00edcio ou defesa de poss\u00edveis reclama\u00e7\u00f5es.<\/span><\/p><p><span style=\"font-weight: 400;\">\u2013 Em determinadas circunst\u00e2ncias e por motivos relacionados com a sua situa\u00e7\u00e3o particular, poder\u00e1 solicitar o seu direito \u00e0 PORTABILIDADE dos dados.<\/span><\/p><p><span style=\"font-weight: 400;\">Voc\u00ea pode exercer tais direitos ou solicitar informa\u00e7\u00f5es adicionais apresentando c\u00f3pia de um documento de identifica\u00e7\u00e3o e explicando brevemente o seu caso e o direito que deseja exercer, por carta dirigida a QUIMI ROMAR SLU no endere\u00e7o principal localizado no CRTA. MONCADA A NAQUERA CV 315, KM 11.2, \u2013 46119 NAQUERA (Val\u00e8ncia) ou atrav\u00e9s do endere\u00e7o de e-mail info@garleyauto.com.<\/span><\/p><p><span style=\"font-weight: 400;\">Al\u00e9m disso, caso algum dos seus direitos tenha sido violado, o interessado tem o direito de apresentar uma reclama\u00e7\u00e3o junto da Ag\u00eancia Espanhola de Prote\u00e7\u00e3o de Dados (AEPD), na C\/ Jorge Juan, 6, 28001-Madrid ou atrav\u00e9s da sede. eletr\u00f4nico da AEPD: https:\/\/sedeagpd.gob.es\/sede-electronica-web\/.\u00a0<\/span><\/p><p>\u00a0<\/p><ol start=\"8\"><li><b> Dura\u00e7\u00e3o e modifica\u00e7\u00e3o da Pol\u00edtica de Privacidade:<\/b><\/li><\/ol><p><span style=\"font-weight: 400;\">QUIMI ROMAR SLU reserva-se o direito de modificar, total ou parcialmente, esta Pol\u00edtica de Privacidade, publicando as altera\u00e7\u00f5es no Site. Da mesma forma, poder\u00e1 efetuar as modifica\u00e7\u00f5es que considerar oportunas sem aviso pr\u00e9vio, podendo alterar, eliminar ou adicionar tanto os conte\u00fados e servi\u00e7os que presta, como a forma como s\u00e3o apresentados ou localizados. Consequentemente, as condi\u00e7\u00f5es\/pol\u00edticas gerais que forem publicadas no momento do acesso do Usu\u00e1rio ser\u00e3o entendidas como vigentes e dever\u00e3o ser lidas periodicamente.<\/span><\/p><p><span style=\"font-weight: 400;\">Independentemente do disposto, QUIMI ROMAR SLU poder\u00e1 encerrar, suspender ou interromper, a qualquer momento e sem aviso pr\u00e9vio, o acesso ao conte\u00fado do Site, sem que o Usu\u00e1rio possa exigir qualquer indeniza\u00e7\u00e3o.\u00a0<\/span><\/p><p><span style=\"font-weight: 400;\">Pol\u00edtica de privacidade escrita e fornecida por PROTECTION REPORT S, SL, <\/span><a href=\"https:\/\/www.protectionreport.com\"><span style=\"font-weight: 400;\">Empresa GDPR<\/span><\/a><span style=\"font-weight: 400;\">, que reserva as a\u00e7\u00f5es legais cab\u00edveis contra qualquer pessoa que copie e utilize ilegitimamente o conte\u00fado.<\/span><i><span style=\"font-weight: 400;\">qualquer.<\/span><\/i><\/p>\t\t\t\t\t\t\t\t<\/div>\n\t\t\t\t<\/div>\n\t\t\t\t\t<\/div>\n\t\t<\/div>\n\t\t\t\t\t<\/div>\n\t\t<\/section>\n\t\t\t\t<\/div>","protected":false},"excerpt":{"rendered":"<p>POLITICA PRIVACIDAD Y PROTECCI\u00d3N DE DATOS Recogida, tratamiento y uso de los datos personales en la web: En base a lo dispuesto en el Reglamento General de Protecci\u00f3n de Datos 2016\/679 (RGPD) y en la Ley Org\u00e1nica 3\/2018, de Protecci\u00f3n de Datos Personales y garant\u00eda de derechos digitales (LOPDGDD), le informamos que para hacer uso [&hellip;]<\/p>\n","protected":false},"author":1,"featured_media":0,"parent":0,"menu_order":0,"comment_status":"closed","ping_status":"closed","template":"","meta":{"footnotes":"","_wp_rev_ctl_limit":""},"class_list":["post-599","page","type-page","status-publish","hentry"],"yoast_head":"<!-- This site is optimized with the Yoast SEO plugin v24.5 - https:\/\/yoast.com\/wordpress\/plugins\/seo\/ -->\n<title>Pol\u00edtica de privacidad -<\/title>\n<meta name=\"robots\" content=\"noindex, nofollow\" \/>\n<meta property=\"og:locale\" content=\"pt_PT\" \/>\n<meta property=\"og:type\" content=\"article\" \/>\n<meta property=\"og:title\" content=\"Pol\u00edtica de privacidad -\" \/>\n<meta property=\"og:description\" content=\"POLITICA PRIVACIDAD Y PROTECCI\u00d3N DE DATOS Recogida, tratamiento y uso de los datos personales en la web: En base a lo dispuesto en el Reglamento General de Protecci\u00f3n de Datos 2016\/679 (RGPD) y en la Ley Org\u00e1nica 3\/2018, de Protecci\u00f3n de Datos Personales y garant\u00eda de derechos digitales (LOPDGDD), le informamos que para hacer uso [&hellip;]\" \/>\n<meta property=\"og:url\" content=\"https:\/\/garleyauto.com\/pt\/politica-de-privacidad\/\" \/>\n<meta property=\"article:modified_time\" content=\"2024-09-26T14:36:40+00:00\" \/>\n<meta name=\"twitter:card\" content=\"summary_large_image\" \/>\n<meta name=\"twitter:label1\" content=\"Tempo estimado de leitura\" \/>\n\t<meta name=\"twitter:data1\" content=\"8 minutos\" \/>\n<script type=\"application\/ld+json\" class=\"yoast-schema-graph\">{\"@context\":\"https:\/\/schema.org\",\"@graph\":[{\"@type\":\"WebPage\",\"@id\":\"https:\/\/garleyauto.com\/politica-de-privacidad\/\",\"url\":\"https:\/\/garleyauto.com\/politica-de-privacidad\/\",\"name\":\"Pol\u00edtica de privacidad -\",\"isPartOf\":{\"@id\":\"https:\/\/garleyauto.com\/#website\"},\"datePublished\":\"2023-08-08T14:53:02+00:00\",\"dateModified\":\"2024-09-26T14:36:40+00:00\",\"breadcrumb\":{\"@id\":\"https:\/\/garleyauto.com\/politica-de-privacidad\/#breadcrumb\"},\"inLanguage\":\"pt-PT\",\"potentialAction\":[{\"@type\":\"ReadAction\",\"target\":[\"https:\/\/garleyauto.com\/politica-de-privacidad\/\"]}]},{\"@type\":\"BreadcrumbList\",\"@id\":\"https:\/\/garleyauto.com\/politica-de-privacidad\/#breadcrumb\",\"itemListElement\":[{\"@type\":\"ListItem\",\"position\":1,\"name\":\"Portada\",\"item\":\"https:\/\/garleyauto.com\/\"},{\"@type\":\"ListItem\",\"position\":2,\"name\":\"Pol\u00edtica de privacidad\"}]},{\"@type\":\"WebSite\",\"@id\":\"https:\/\/garleyauto.com\/#website\",\"url\":\"https:\/\/garleyauto.com\/\",\"name\":\"\",\"description\":\"\",\"potentialAction\":[{\"@type\":\"SearchAction\",\"target\":{\"@type\":\"EntryPoint\",\"urlTemplate\":\"https:\/\/garleyauto.com\/?s={search_term_string}\"},\"query-input\":{\"@type\":\"PropertyValueSpecification\",\"valueRequired\":true,\"valueName\":\"search_term_string\"}}],\"inLanguage\":\"pt-PT\"}]}<\/script>\n<!-- \/ Yoast SEO plugin. -->","yoast_head_json":{"title":"Pol\u00edtica de privacidad -","robots":{"index":"noindex","follow":"nofollow"},"og_locale":"pt_PT","og_type":"article","og_title":"Pol\u00edtica de privacidad -","og_description":"POLITICA PRIVACIDAD Y PROTECCI\u00d3N DE DATOS Recogida, tratamiento y uso de los datos personales en la web: En base a lo dispuesto en el Reglamento General de Protecci\u00f3n de Datos 2016\/679 (RGPD) y en la Ley Org\u00e1nica 3\/2018, de Protecci\u00f3n de Datos Personales y garant\u00eda de derechos digitales (LOPDGDD), le informamos que para hacer uso [&hellip;]","og_url":"https:\/\/garleyauto.com\/pt\/politica-de-privacidad\/","article_modified_time":"2024-09-26T14:36:40+00:00","twitter_card":"summary_large_image","twitter_misc":{"Tempo estimado de leitura":"8 minutos"},"schema":{"@context":"https:\/\/schema.org","@graph":[{"@type":"WebPage","@id":"https:\/\/garleyauto.com\/politica-de-privacidad\/","url":"https:\/\/garleyauto.com\/politica-de-privacidad\/","name":"Pol\u00edtica de privacidad -","isPartOf":{"@id":"https:\/\/garleyauto.com\/#website"},"datePublished":"2023-08-08T14:53:02+00:00","dateModified":"2024-09-26T14:36:40+00:00","breadcrumb":{"@id":"https:\/\/garleyauto.com\/politica-de-privacidad\/#breadcrumb"},"inLanguage":"pt-PT","potentialAction":[{"@type":"ReadAction","target":["https:\/\/garleyauto.com\/politica-de-privacidad\/"]}]},{"@type":"BreadcrumbList","@id":"https:\/\/garleyauto.com\/politica-de-privacidad\/#breadcrumb","itemListElement":[{"@type":"ListItem","position":1,"name":"Portada","item":"https:\/\/garleyauto.com\/"},{"@type":"ListItem","position":2,"name":"Pol\u00edtica de privacidad"}]},{"@type":"WebSite","@id":"https:\/\/garleyauto.com\/#website","url":"https:\/\/garleyauto.com\/","name":"","description":"","potentialAction":[{"@type":"SearchAction","target":{"@type":"EntryPoint","urlTemplate":"https:\/\/garleyauto.com\/?s={search_term_string}"},"query-input":{"@type":"PropertyValueSpecification","valueRequired":true,"valueName":"search_term_string"}}],"inLanguage":"pt-PT"}]}},"_links":{"self":[{"href":"https:\/\/garleyauto.com\/pt\/wp-json\/wp\/v2\/pages\/599","targetHints":{"allow":["GET"]}}],"collection":[{"href":"https:\/\/garleyauto.com\/pt\/wp-json\/wp\/v2\/pages"}],"about":[{"href":"https:\/\/garleyauto.com\/pt\/wp-json\/wp\/v2\/types\/page"}],"author":[{"embeddable":true,"href":"https:\/\/garleyauto.com\/pt\/wp-json\/wp\/v2\/users\/1"}],"replies":[{"embeddable":true,"href":"https:\/\/garleyauto.com\/pt\/wp-json\/wp\/v2\/comments?post=599"}],"version-history":[{"count":8,"href":"https:\/\/garleyauto.com\/pt\/wp-json\/wp\/v2\/pages\/599\/revisions"}],"predecessor-version":[{"id":3515,"href":"https:\/\/garleyauto.com\/pt\/wp-json\/wp\/v2\/pages\/599\/revisions\/3515"}],"wp:attachment":[{"href":"https:\/\/garleyauto.com\/pt\/wp-json\/wp\/v2\/media?parent=599"}],"curies":[{"name":"wp","href":"https:\/\/api.w.org\/{rel}","templated":true}]}}